{"id":3515,"date":"2024-07-16T15:48:28","date_gmt":"2024-07-16T13:48:28","guid":{"rendered":"https:\/\/iicmessico.esteri.it\/?page_id=3515"},"modified":"2024-07-16T15:48:28","modified_gmt":"2024-07-16T13:48:28","slug":"archivio-eventi","status":"publish","type":"page","link":"https:\/\/iicmessico.esteri.it\/it\/gli_eventi\/archivio-eventi\/","title":{"rendered":"Archivio eventi"},"content":{"rendered":"        <div class=\"row\">\n\t\t\t<!-- Ricerca sedi post -->\n\t\t\t<div class=\"col-12 mt-4\">\n\t\t\t  <div class=\"callout callout-highlight note ricerca-esteri p-4\">\n                    <div class=\"callout-title\">\n                        <svg class=\"icon\">\n                            <use xlink:href=\"https:\/\/iicmessico.esteri.it\/wp-content\/themes\/sedi-tema\/assets\/svg\/sprites.svg#it-search\"><\/use>\n                        <\/svg>Inserisci i parametri di ricerca                    <\/div>\n                    <form id=\"searchFormPost\" name=\"form-search-post\" class=\"form-row align-items-center\" action=\"https:\/\/iicmessico.esteri.it\/it\/wp-json\/wp\/v2\/pages\/3515\/\" method=\"GET\"> \n                        <!-- <div class=\"form-group pt-5\"> -->\n                            <!-- <input type=\"hidden\" id=\"lang\" name=\"lang\" value=\"\"> --> <!-- <\/div> -->\n\n                        <div class=\"it-datepicker-wrapper\">\n                            <div class=\"row\">\n                                <div class=\"form-group col-md-6\">\n                                    <label class=\"active\" for=\"date-init\">Dal<\/label>\n                                    <input class=\"form-control\" name=\"date-init\" id=\"date-init\" type=\"date\" placeholder=\"gg\/mm\/aaaa\" value=\"\"lang=\"en-EN\">  \n                                <\/div>\n                                <div class=\"form-group col-md-6\">\n                                    <label class=\"active\" for=\"date-end\">Al<\/label>\n                                    <input class=\"form-control\" name=\"date-end\" id=\"date-end\" type=\"date\" placeholder=\"gg\/mm\/aaaa\" value=\"\">\n                                <\/div>\n                            <\/div>\n                        <\/div>\n                        <div class=\"form-group col-md-12 mt-3\">\n                            <label for=\"searchText\">Campo ricerca libera<\/label>\n                            <input type=\"text\" name=\"searchText\" class=\"form-control\" id=\"searchText\" value=\"\">\n                        <\/div>\n                        <div class=\"form-group col-md-4 offset-md-8 text-end\">\n                            <a href=\"https:\/\/iicmessico.esteri.it\/it\/gli_eventi\/archivio-eventi\/\" title=\"Form reset\" id=\"resetImput\" class=\"btn btn-outline-primary btn-xs\">Reset<\/a>\n                            <button type=\"submit\" class=\"btn btn-primary btn-xs\">Mostra risultati<\/button>\n                        <\/div>\n                    <\/form>\n\t\t\t\t<\/div>\n\t\t\t<\/div>\n\t\t<\/div>\n                    \n            <div class=\"row\">\n                            <div class=\"col-12 mt-3\">\n                <!--start card-->\n                <div class=\"card-wrapper card-space\">\n                    <div class=\"card card-bg card-big border-bottom-card\">\n                        <div class=\"card-body row\">\n                                                    <div class=\"col-sm-3\">\n                                <div class=\"img-responsive\">\n                                    <figure class=\"img-wrapper\">\n                                        <a href=\"https:\/\/iicmessico.esteri.it\/it\/gli_eventi\/calendario\/retrospettiva-gianfranco-rosi-30-aprile-in-viaggio\/\" title=\"Leggi l'articolo: Retrospettiva Gianfranco Rosi \u2013 30 aprile \u2013 In viaggio\">\n                                                                                            <img loading=\"lazy\" decoding=\"async\" width=\"300\" height=\"169\" src=\"https:\/\/iicmessico.esteri.it\/wp-content\/uploads\/2026\/03\/01_InViaggio_\u00a9Archivio-Vatican-Media-300x169.jpg\" srcset=\"https:\/\/iicmessico.esteri.it\/wp-content\/uploads\/2026\/03\/01_InViaggio_\u00a9Archivio-Vatican-Media.jpg 1920w, https:\/\/iicmessico.esteri.it\/wp-content\/uploads\/2026\/03\/01_InViaggio_\u00a9Archivio-Vatican-Media-300x169.jpg 300w, https:\/\/iicmessico.esteri.it\/wp-content\/uploads\/2026\/03\/01_InViaggio_\u00a9Archivio-Vatican-Media-1024x576.jpg 1024w, https:\/\/iicmessico.esteri.it\/wp-content\/uploads\/2026\/03\/01_InViaggio_\u00a9Archivio-Vatican-Media-768x432.jpg 768w\" sizes=\"auto, (max-width: 1920px) 100vw, 1920px\"  title=\"01_InViaggio_\u00a9Archivio Vatican Media\" alt=\"\" class=\"img-fluid\">\n                                                                                    <\/a>\n                                    <\/figure>\n                                <\/div>\n                            <\/div>\n                            <div class=\"col-sm-9\">\n                                                            <div class=\"category-top\">\n                                    <span class=\"fw-bold text-danger\">Concluso<\/span>                                                                        <span class=\"data\">\n                                        <svg class=\"icon icon-secondary\">\n                                            <use xlink:href=\"https:\/\/iicmessico.esteri.it\/wp-content\/themes\/sedi-tema\/assets\/svg\/sprites.svg#it-calendar\"><\/use>\n                                        <\/svg> Gio 30 Apr 2026                                    <\/span>\n                                                                    <\/div>\n                            <h5 class=\"card-title big-heading text-uppercase\"><a class=\"text-body text-decoration-none\" href=\"https:\/\/iicmessico.esteri.it\/it\/gli_eventi\/calendario\/retrospettiva-gianfranco-rosi-30-aprile-in-viaggio\/\" title=\"Retrospettiva Gianfranco Rosi \u2013 30 aprile \u2013 In viaggio\">Retrospettiva Gianfranco Rosi \u2013 30 aprile \u2013 In viaggio<\/a><\/h5>\n                            <p class=\"card-text\">In programma gioved\u00ed 30 aprile Cineteca Nacional M\u00e9xico \u2013 Sala 10 Bu\u00f1uel In viaggio Ore 19:00 Nei suoi primi nove anni, Papa Francesco ha compiuto 37 viaggi, visitando 53 Paesi, concentrandosi principalmente su povert\u00e0, migrazione, ambiente, solidariet\u00e0 e guerra. Incuriosito dal fatto che due di questi viaggi \u2013 il primo a Lampedusa e il secondo [&hellip;]<\/p>\n                                <a title=\"Retrospettiva Gianfranco Rosi \u2013 30 aprile \u2013 In viaggio\" class=\"read-more\" href=\"https:\/\/iicmessico.esteri.it\/it\/gli_eventi\/calendario\/retrospettiva-gianfranco-rosi-30-aprile-in-viaggio\/\">\n                                    <span class=\"text\">Leggi di pi\u00f9<\/span>\n                                    <svg class=\"icon\">\n                                    <use xlink:href=\"https:\/\/iicmessico.esteri.it\/wp-content\/themes\/sedi-tema\/assets\/svg\/sprites.svg#it-arrow-right\"><\/use>\n                                    <\/svg>\n                                <\/a>\n                                                        <\/div>\n                                                    <\/div>\n                    <\/div>\n                <\/div>\n                <!--end card-->\n                <\/div><!-- col-12 .mt-3-->\n                            <div class=\"col-12 mt-3\">\n                <!--start card-->\n                <div class=\"card-wrapper card-space\">\n                    <div class=\"card card-bg card-big border-bottom-card\">\n                        <div class=\"card-body row\">\n                                                    <div class=\"col-sm-3\">\n                                <div class=\"img-responsive\">\n                                    <figure class=\"img-wrapper\">\n                                        <a href=\"https:\/\/iicmessico.esteri.it\/it\/gli_eventi\/calendario\/retrospettiva-gianfranco-rosi-29-aprile-notturno\/\" title=\"Leggi l'articolo: Retrospettiva Gianfranco Rosi \u2013 29 aprile \u2013 Notturno\">\n                                                                                            <img loading=\"lazy\" decoding=\"async\" width=\"300\" height=\"225\" src=\"https:\/\/iicmessico.esteri.it\/wp-content\/uploads\/2026\/03\/Notturno_Quad_EN-300x225.png\" srcset=\"https:\/\/iicmessico.esteri.it\/wp-content\/uploads\/2026\/03\/Notturno_Quad_EN.png 1920w, https:\/\/iicmessico.esteri.it\/wp-content\/uploads\/2026\/03\/Notturno_Quad_EN-300x225.png 300w, https:\/\/iicmessico.esteri.it\/wp-content\/uploads\/2026\/03\/Notturno_Quad_EN-1024x768.png 1024w, https:\/\/iicmessico.esteri.it\/wp-content\/uploads\/2026\/03\/Notturno_Quad_EN-768x576.png 768w\" sizes=\"auto, (max-width: 1920px) 100vw, 1920px\"  title=\"Notturno_Quad_EN\" alt=\"\" class=\"img-fluid\">\n                                                                                    <\/a>\n                                    <\/figure>\n                                <\/div>\n                            <\/div>\n                            <div class=\"col-sm-9\">\n                                                            <div class=\"category-top\">\n                                    <span class=\"fw-bold text-danger\">Concluso<\/span>                                                                        <span class=\"data\">\n                                        <svg class=\"icon icon-secondary\">\n                                            <use xlink:href=\"https:\/\/iicmessico.esteri.it\/wp-content\/themes\/sedi-tema\/assets\/svg\/sprites.svg#it-calendar\"><\/use>\n                                        <\/svg> Mer 29 Apr 2026                                    <\/span>\n                                                                    <\/div>\n                            <h5 class=\"card-title big-heading text-uppercase\"><a class=\"text-body text-decoration-none\" href=\"https:\/\/iicmessico.esteri.it\/it\/gli_eventi\/calendario\/retrospettiva-gianfranco-rosi-29-aprile-notturno\/\" title=\"Retrospettiva Gianfranco Rosi \u2013 29 aprile \u2013 Notturno\">Retrospettiva Gianfranco Rosi \u2013 29 aprile \u2013 Notturno<\/a><\/h5>\n                            <p class=\"card-text\">In programma mercoled\u00ed 29 aprile Cineteca Nacional M\u00e9xico \u2013 Sala 10 Bu\u00f1uel Notturno Ore 19:00 Notturno \u00e8 un&#8217;imperdibile opera cinematografica di un maestro del documentario. Girato in Iran, Kurdistan, Siria e Libano nell&#8217;arco di tre anni turbolenti, \u00e8 un ritratto intimo e devastante della popolazione civile, costretta a vivere in prima linea. Narrato con compassione, [&hellip;]<\/p>\n                                <a title=\"Retrospettiva Gianfranco Rosi \u2013 29 aprile \u2013 Notturno\" class=\"read-more\" href=\"https:\/\/iicmessico.esteri.it\/it\/gli_eventi\/calendario\/retrospettiva-gianfranco-rosi-29-aprile-notturno\/\">\n                                    <span class=\"text\">Leggi di pi\u00f9<\/span>\n                                    <svg class=\"icon\">\n                                    <use xlink:href=\"https:\/\/iicmessico.esteri.it\/wp-content\/themes\/sedi-tema\/assets\/svg\/sprites.svg#it-arrow-right\"><\/use>\n                                    <\/svg>\n                                <\/a>\n                                                        <\/div>\n                                                    <\/div>\n                    <\/div>\n                <\/div>\n                <!--end card-->\n                <\/div><!-- col-12 .mt-3-->\n                            <div class=\"col-12 mt-3\">\n                <!--start card-->\n                <div class=\"card-wrapper card-space\">\n                    <div class=\"card card-bg card-big border-bottom-card\">\n                        <div class=\"card-body row\">\n                                                    <div class=\"col-sm-3\">\n                                <div class=\"img-responsive\">\n                                    <figure class=\"img-wrapper\">\n                                        <a href=\"https:\/\/iicmessico.esteri.it\/it\/gli_eventi\/calendario\/retrospettiva-gianfranco-rosi-28-aprile-fuocoammare\/\" title=\"Leggi l'articolo: Retrospettiva Gianfranco Rosi \u2013 28 aprile &#8211; Fuocoammare\">\n                                                                                            <img loading=\"lazy\" decoding=\"async\" width=\"300\" height=\"169\" src=\"https:\/\/iicmessico.esteri.it\/wp-content\/uploads\/2026\/03\/Fuocoammare_di_Gianfranco_Rosi-300x169.jpg\" srcset=\"https:\/\/iicmessico.esteri.it\/wp-content\/uploads\/2026\/03\/Fuocoammare_di_Gianfranco_Rosi.jpg 1920w, https:\/\/iicmessico.esteri.it\/wp-content\/uploads\/2026\/03\/Fuocoammare_di_Gianfranco_Rosi-300x169.jpg 300w, https:\/\/iicmessico.esteri.it\/wp-content\/uploads\/2026\/03\/Fuocoammare_di_Gianfranco_Rosi-1024x576.jpg 1024w, https:\/\/iicmessico.esteri.it\/wp-content\/uploads\/2026\/03\/Fuocoammare_di_Gianfranco_Rosi-768x432.jpg 768w\" sizes=\"auto, (max-width: 1920px) 100vw, 1920px\"  title=\"Fuocoammare_di_Gianfranco_Rosi\" alt=\"\" class=\"img-fluid\">\n                                                                                    <\/a>\n                                    <\/figure>\n                                <\/div>\n                            <\/div>\n                            <div class=\"col-sm-9\">\n                                                            <div class=\"category-top\">\n                                    <span class=\"fw-bold text-danger\">Concluso<\/span>                                                                        <span class=\"data\">\n                                        <svg class=\"icon icon-secondary\">\n                                            <use xlink:href=\"https:\/\/iicmessico.esteri.it\/wp-content\/themes\/sedi-tema\/assets\/svg\/sprites.svg#it-calendar\"><\/use>\n                                        <\/svg> Mar 28 Apr 2026                                    <\/span>\n                                                                    <\/div>\n                            <h5 class=\"card-title big-heading text-uppercase\"><a class=\"text-body text-decoration-none\" href=\"https:\/\/iicmessico.esteri.it\/it\/gli_eventi\/calendario\/retrospettiva-gianfranco-rosi-28-aprile-fuocoammare\/\" title=\"Retrospettiva Gianfranco Rosi \u2013 28 aprile &#8211; Fuocoammare\">Retrospettiva Gianfranco Rosi \u2013 28 aprile &#8211; Fuocoammare<\/a><\/h5>\n                            <p class=\"card-text\">In programa marted\u00ed 28 aprile Cineteca Nacional M\u00e9xico \u2013 Sala 10 Bu\u00f1uel Fuocoammare Ore 19:00 L&#8217;isola di Lampedusa \u00e8 il punto pi\u00f9 a sud d&#8217;Italia, che dal 1990 \u00e8 diventata un enorme punto di sbarco per immigrati clandestini provenienti dall&#8217;Africa. In poco pi\u00f9 di 20 anni, pi\u00f9 di 20.000 persone sono annegate durante la traversata [&hellip;]<\/p>\n                                <a title=\"Retrospettiva Gianfranco Rosi \u2013 28 aprile &#8211; Fuocoammare\" class=\"read-more\" href=\"https:\/\/iicmessico.esteri.it\/it\/gli_eventi\/calendario\/retrospettiva-gianfranco-rosi-28-aprile-fuocoammare\/\">\n                                    <span class=\"text\">Leggi di pi\u00f9<\/span>\n                                    <svg class=\"icon\">\n                                    <use xlink:href=\"https:\/\/iicmessico.esteri.it\/wp-content\/themes\/sedi-tema\/assets\/svg\/sprites.svg#it-arrow-right\"><\/use>\n                                    <\/svg>\n                                <\/a>\n                                                        <\/div>\n                                                    <\/div>\n                    <\/div>\n                <\/div>\n                <!--end card-->\n                <\/div><!-- col-12 .mt-3-->\n                            <div class=\"col-12 mt-3\">\n                <!--start card-->\n                <div class=\"card-wrapper card-space\">\n                    <div class=\"card card-bg card-big border-bottom-card\">\n                        <div class=\"card-body row\">\n                                                    <div class=\"col-sm-3\">\n                                <div class=\"img-responsive\">\n                                    <figure class=\"img-wrapper\">\n                                        <a href=\"https:\/\/iicmessico.esteri.it\/it\/gli_eventi\/calendario\/retrospettiva-gianfranco-rosi-27-aprile-sacro-gra\/\" title=\"Leggi l'articolo: Retrospettiva Gianfranco Rosi \u2013 27 aprile- Sacro GRA\">\n                                                                                            <img loading=\"lazy\" decoding=\"async\" width=\"300\" height=\"169\" src=\"https:\/\/iicmessico.esteri.it\/wp-content\/uploads\/2026\/03\/7f83b610632459.5ea5b2970b2f9-300x169.webp\" srcset=\"https:\/\/iicmessico.esteri.it\/wp-content\/uploads\/2026\/03\/7f83b610632459.5ea5b2970b2f9.webp 1124w, https:\/\/iicmessico.esteri.it\/wp-content\/uploads\/2026\/03\/7f83b610632459.5ea5b2970b2f9-300x169.webp 300w, https:\/\/iicmessico.esteri.it\/wp-content\/uploads\/2026\/03\/7f83b610632459.5ea5b2970b2f9-1024x576.webp 1024w, https:\/\/iicmessico.esteri.it\/wp-content\/uploads\/2026\/03\/7f83b610632459.5ea5b2970b2f9-768x432.webp 768w\" sizes=\"auto, (max-width: 1124px) 100vw, 1124px\"  title=\"7f83b610632459.5ea5b2970b2f9\" alt=\"\" class=\"img-fluid\">\n                                                                                    <\/a>\n                                    <\/figure>\n                                <\/div>\n                            <\/div>\n                            <div class=\"col-sm-9\">\n                                                            <div class=\"category-top\">\n                                    <span class=\"fw-bold text-danger\">Concluso<\/span>                                                                        <span class=\"data\">\n                                        <svg class=\"icon icon-secondary\">\n                                            <use xlink:href=\"https:\/\/iicmessico.esteri.it\/wp-content\/themes\/sedi-tema\/assets\/svg\/sprites.svg#it-calendar\"><\/use>\n                                        <\/svg> Lun 27 Apr 2026                                    <\/span>\n                                                                    <\/div>\n                            <h5 class=\"card-title big-heading text-uppercase\"><a class=\"text-body text-decoration-none\" href=\"https:\/\/iicmessico.esteri.it\/it\/gli_eventi\/calendario\/retrospettiva-gianfranco-rosi-27-aprile-sacro-gra\/\" title=\"Retrospettiva Gianfranco Rosi \u2013 27 aprile- Sacro GRA\">Retrospettiva Gianfranco Rosi \u2013 27 aprile- Sacro GRA<\/a><\/h5>\n                            <p class=\"card-text\">In programa luned\u00ed 27 aprile Cineteca Nacional M\u00e9xico \u2013 Sala 10 Bu\u00f1uel &nbsp; Sacro GRA Ore 19:00 Questo documentario \u00e8 dedicato al trafficato e immenso Grande Raccordo Anulare (GRA) che circonda la citt\u00e0 di Roma. Attraverso le storie personali di sette persone, il film esplora i territori meno conosciuti del GRA, il raccordo anulare lungo [&hellip;]<\/p>\n                                <a title=\"Retrospettiva Gianfranco Rosi \u2013 27 aprile- Sacro GRA\" class=\"read-more\" href=\"https:\/\/iicmessico.esteri.it\/it\/gli_eventi\/calendario\/retrospettiva-gianfranco-rosi-27-aprile-sacro-gra\/\">\n                                    <span class=\"text\">Leggi di pi\u00f9<\/span>\n                                    <svg class=\"icon\">\n                                    <use xlink:href=\"https:\/\/iicmessico.esteri.it\/wp-content\/themes\/sedi-tema\/assets\/svg\/sprites.svg#it-arrow-right\"><\/use>\n                                    <\/svg>\n                                <\/a>\n                                                        <\/div>\n                                                    <\/div>\n                    <\/div>\n                <\/div>\n                <!--end card-->\n                <\/div><!-- col-12 .mt-3-->\n                            <div class=\"col-12 mt-3\">\n                <!--start card-->\n                <div class=\"card-wrapper card-space\">\n                    <div class=\"card card-bg card-big border-bottom-card\">\n                        <div class=\"card-body row\">\n                                                    <div class=\"col-sm-3\">\n                                <div class=\"img-responsive\">\n                                    <figure class=\"img-wrapper\">\n                                        <a href=\"https:\/\/iicmessico.esteri.it\/it\/gli_eventi\/calendario\/retrospettiva-gianfranco-rosi-26-aprile-el-sicario-room-164-fuocoammare\/\" title=\"Leggi l'articolo: Retrospettiva Gianfranco Rosi \u2013 26 aprile El Sicario, room 164 &#8211; Fuocoammare\">\n                                                                                            <img loading=\"lazy\" decoding=\"async\" width=\"300\" height=\"169\" src=\"https:\/\/iicmessico.esteri.it\/wp-content\/uploads\/2026\/03\/Fuocoammare_di_Gianfranco_Rosi-300x169.jpg\" srcset=\"https:\/\/iicmessico.esteri.it\/wp-content\/uploads\/2026\/03\/Fuocoammare_di_Gianfranco_Rosi.jpg 1920w, https:\/\/iicmessico.esteri.it\/wp-content\/uploads\/2026\/03\/Fuocoammare_di_Gianfranco_Rosi-300x169.jpg 300w, https:\/\/iicmessico.esteri.it\/wp-content\/uploads\/2026\/03\/Fuocoammare_di_Gianfranco_Rosi-1024x576.jpg 1024w, https:\/\/iicmessico.esteri.it\/wp-content\/uploads\/2026\/03\/Fuocoammare_di_Gianfranco_Rosi-768x432.jpg 768w\" sizes=\"auto, (max-width: 1920px) 100vw, 1920px\"  title=\"Fuocoammare_di_Gianfranco_Rosi\" alt=\"\" class=\"img-fluid\">\n                                                                                    <\/a>\n                                    <\/figure>\n                                <\/div>\n                            <\/div>\n                            <div class=\"col-sm-9\">\n                                                            <div class=\"category-top\">\n                                    <span class=\"fw-bold text-danger\">Concluso<\/span>                                                                        <span class=\"data\">\n                                        <svg class=\"icon icon-secondary\">\n                                            <use xlink:href=\"https:\/\/iicmessico.esteri.it\/wp-content\/themes\/sedi-tema\/assets\/svg\/sprites.svg#it-calendar\"><\/use>\n                                        <\/svg> Dom 26 Apr 2026                                    <\/span>\n                                                                    <\/div>\n                            <h5 class=\"card-title big-heading text-uppercase\"><a class=\"text-body text-decoration-none\" href=\"https:\/\/iicmessico.esteri.it\/it\/gli_eventi\/calendario\/retrospettiva-gianfranco-rosi-26-aprile-el-sicario-room-164-fuocoammare\/\" title=\"Retrospettiva Gianfranco Rosi \u2013 26 aprile El Sicario, room 164 &#8211; Fuocoammare\">Retrospettiva Gianfranco Rosi \u2013 26 aprile El Sicario, room 164 &#8211; Fuocoammare<\/a><\/h5>\n                            <p class=\"card-text\">In programma domenica 26 aprile Cineteca Nacional M\u00e9xico \u2013 Sala 10 Bu\u00f1uel &nbsp; El Sicario, room 164 Ore 19:00 Il killer ha ucciso oltre cento persone, \u00e8 un esperto di torture e rapimenti, ha lavorato per molti anni come comandante della polizia dello stato di Chihuahua e ha persino ricevuto addestramento dall&#8217;FBI. Risiede a Ciudad [&hellip;]<\/p>\n                                <a title=\"Retrospettiva Gianfranco Rosi \u2013 26 aprile El Sicario, room 164 &#8211; Fuocoammare\" class=\"read-more\" href=\"https:\/\/iicmessico.esteri.it\/it\/gli_eventi\/calendario\/retrospettiva-gianfranco-rosi-26-aprile-el-sicario-room-164-fuocoammare\/\">\n                                    <span class=\"text\">Leggi di pi\u00f9<\/span>\n                                    <svg class=\"icon\">\n                                    <use xlink:href=\"https:\/\/iicmessico.esteri.it\/wp-content\/themes\/sedi-tema\/assets\/svg\/sprites.svg#it-arrow-right\"><\/use>\n                                    <\/svg>\n                                <\/a>\n                                                        <\/div>\n                                                    <\/div>\n                    <\/div>\n                <\/div>\n                <!--end card-->\n                <\/div><!-- col-12 .mt-3-->\n                            <div class=\"col-12 mt-3\">\n                <!--start card-->\n                <div class=\"card-wrapper card-space\">\n                    <div class=\"card card-bg card-big border-bottom-card\">\n                        <div class=\"card-body row\">\n                                                    <div class=\"col-sm-3\">\n                                <div class=\"img-responsive\">\n                                    <figure class=\"img-wrapper\">\n                                        <a href=\"https:\/\/iicmessico.esteri.it\/it\/gli_eventi\/calendario\/retrospettiva-gianfranco-rosi-25-aprile-masterclass-below-sea-level-sotto-le-nuvole-below-the-clouds\/\" title=\"Leggi l'articolo: Retrospettiva Gianfranco Rosi \u2013 25 aprile Masterclass &#8211; Below sea level &#8211; Sotto le nuvole\/Below the clouds\">\n                                                                                            <img loading=\"lazy\" decoding=\"async\" width=\"300\" height=\"169\" src=\"https:\/\/iicmessico.esteri.it\/wp-content\/uploads\/2026\/03\/1-SOTTO-LE-NUVOLE_\u00a9GIANFRANCO_ROSI-1-300x169.jpg\" srcset=\"https:\/\/iicmessico.esteri.it\/wp-content\/uploads\/2026\/03\/1-SOTTO-LE-NUVOLE_\u00a9GIANFRANCO_ROSI-1.jpg 1920w, https:\/\/iicmessico.esteri.it\/wp-content\/uploads\/2026\/03\/1-SOTTO-LE-NUVOLE_\u00a9GIANFRANCO_ROSI-1-300x169.jpg 300w, https:\/\/iicmessico.esteri.it\/wp-content\/uploads\/2026\/03\/1-SOTTO-LE-NUVOLE_\u00a9GIANFRANCO_ROSI-1-1024x576.jpg 1024w, https:\/\/iicmessico.esteri.it\/wp-content\/uploads\/2026\/03\/1-SOTTO-LE-NUVOLE_\u00a9GIANFRANCO_ROSI-1-768x432.jpg 768w\" sizes=\"auto, (max-width: 1920px) 100vw, 1920px\"  title=\"1-SOTTO LE NUVOLE_\u00a9GIANFRANCO_ROSI 1\" alt=\"\" class=\"img-fluid\">\n                                                                                    <\/a>\n                                    <\/figure>\n                                <\/div>\n                            <\/div>\n                            <div class=\"col-sm-9\">\n                                                            <div class=\"category-top\">\n                                    <span class=\"fw-bold text-danger\">Concluso<\/span>                                                                        <span class=\"data\">\n                                        <svg class=\"icon icon-secondary\">\n                                            <use xlink:href=\"https:\/\/iicmessico.esteri.it\/wp-content\/themes\/sedi-tema\/assets\/svg\/sprites.svg#it-calendar\"><\/use>\n                                        <\/svg> Sab 25 Apr 2026                                    <\/span>\n                                                                    <\/div>\n                            <h5 class=\"card-title big-heading text-uppercase\"><a class=\"text-body text-decoration-none\" href=\"https:\/\/iicmessico.esteri.it\/it\/gli_eventi\/calendario\/retrospettiva-gianfranco-rosi-25-aprile-masterclass-below-sea-level-sotto-le-nuvole-below-the-clouds\/\" title=\"Retrospettiva Gianfranco Rosi \u2013 25 aprile Masterclass &#8211; Below sea level &#8211; Sotto le nuvole\/Below the clouds\">Retrospettiva Gianfranco Rosi \u2013 25 aprile Masterclass &#8211; Below sea level &#8211; Sotto le nuvole\/Below the clouds<\/a><\/h5>\n                            <p class=\"card-text\">In programma sabato 25 aprile Cineteca Nacional M\u00e9xico \u2013 Sala 10 Bu\u00f1uel &nbsp; Masterclass del director Rosi Ore 12:00 &nbsp; Below sea level Ore 18:30 Nel bel mezzo del nulla, nello stato della California, in un deserto lontano dalla civilt\u00e0, un gruppo di individui forma una comunit\u00e0 oscura. Non ci sono case, n\u00e9 elettricit\u00e0, n\u00e9 [&hellip;]<\/p>\n                                <a title=\"Retrospettiva Gianfranco Rosi \u2013 25 aprile Masterclass &#8211; Below sea level &#8211; Sotto le nuvole\/Below the clouds\" class=\"read-more\" href=\"https:\/\/iicmessico.esteri.it\/it\/gli_eventi\/calendario\/retrospettiva-gianfranco-rosi-25-aprile-masterclass-below-sea-level-sotto-le-nuvole-below-the-clouds\/\">\n                                    <span class=\"text\">Leggi di pi\u00f9<\/span>\n                                    <svg class=\"icon\">\n                                    <use xlink:href=\"https:\/\/iicmessico.esteri.it\/wp-content\/themes\/sedi-tema\/assets\/svg\/sprites.svg#it-arrow-right\"><\/use>\n                                    <\/svg>\n                                <\/a>\n                                                        <\/div>\n                                                    <\/div>\n                    <\/div>\n                <\/div>\n                <!--end card-->\n                <\/div><!-- col-12 .mt-3-->\n                            <div class=\"col-12 mt-3\">\n                <!--start card-->\n                <div class=\"card-wrapper card-space\">\n                    <div class=\"card card-bg card-big border-bottom-card\">\n                        <div class=\"card-body row\">\n                                                    <div class=\"col-sm-3\">\n                                <div class=\"img-responsive\">\n                                    <figure class=\"img-wrapper\">\n                                        <a href=\"https:\/\/iicmessico.esteri.it\/it\/gli_eventi\/calendario\/retrospettiva-gianfranco-rosi-24-aprile-boatman-notturno\/\" title=\"Leggi l'articolo: Retrospettiva Gianfranco Rosi &#8211; 24 aprile Boatman &#8211; Notturno\">\n                                                                                            <img loading=\"lazy\" decoding=\"async\" width=\"300\" height=\"225\" src=\"https:\/\/iicmessico.esteri.it\/wp-content\/uploads\/2026\/03\/Notturno_Quad_EN-300x225.png\" srcset=\"https:\/\/iicmessico.esteri.it\/wp-content\/uploads\/2026\/03\/Notturno_Quad_EN.png 1920w, https:\/\/iicmessico.esteri.it\/wp-content\/uploads\/2026\/03\/Notturno_Quad_EN-300x225.png 300w, https:\/\/iicmessico.esteri.it\/wp-content\/uploads\/2026\/03\/Notturno_Quad_EN-1024x768.png 1024w, https:\/\/iicmessico.esteri.it\/wp-content\/uploads\/2026\/03\/Notturno_Quad_EN-768x576.png 768w\" sizes=\"auto, (max-width: 1920px) 100vw, 1920px\"  title=\"Notturno_Quad_EN\" alt=\"\" class=\"img-fluid\">\n                                                                                    <\/a>\n                                    <\/figure>\n                                <\/div>\n                            <\/div>\n                            <div class=\"col-sm-9\">\n                                                            <div class=\"category-top\">\n                                    <span class=\"fw-bold text-danger\">Concluso<\/span>                                                                        <span class=\"data\">\n                                        <svg class=\"icon icon-secondary\">\n                                            <use xlink:href=\"https:\/\/iicmessico.esteri.it\/wp-content\/themes\/sedi-tema\/assets\/svg\/sprites.svg#it-calendar\"><\/use>\n                                        <\/svg> Ven 24 Apr 2026                                    <\/span>\n                                                                    <\/div>\n                            <h5 class=\"card-title big-heading text-uppercase\"><a class=\"text-body text-decoration-none\" href=\"https:\/\/iicmessico.esteri.it\/it\/gli_eventi\/calendario\/retrospettiva-gianfranco-rosi-24-aprile-boatman-notturno\/\" title=\"Retrospettiva Gianfranco Rosi &#8211; 24 aprile Boatman &#8211; Notturno\">Retrospettiva Gianfranco Rosi &#8211; 24 aprile Boatman &#8211; Notturno<\/a><\/h5>\n                            <p class=\"card-text\">In programma venerd\u00ed 24 aprile, Cineteca Nacional M\u00e9xico &#8211; Sala 10 Bu\u00f1uel Boatman Ore 19:00 Questo documentario \u00e8 ambientato sul Gange a Varanasi. Il Gange \u00e8 il fiume sacro degli ind\u00f9. \u00c8 visitato da ind\u00f9 provenienti da tutto il mondo e da turisti. A Varanasi, come in altri luoghi lungo le rive del fiume, la [&hellip;]<\/p>\n                                <a title=\"Retrospettiva Gianfranco Rosi &#8211; 24 aprile Boatman &#8211; Notturno\" class=\"read-more\" href=\"https:\/\/iicmessico.esteri.it\/it\/gli_eventi\/calendario\/retrospettiva-gianfranco-rosi-24-aprile-boatman-notturno\/\">\n                                    <span class=\"text\">Leggi di pi\u00f9<\/span>\n                                    <svg class=\"icon\">\n                                    <use xlink:href=\"https:\/\/iicmessico.esteri.it\/wp-content\/themes\/sedi-tema\/assets\/svg\/sprites.svg#it-arrow-right\"><\/use>\n                                    <\/svg>\n                                <\/a>\n                                                        <\/div>\n                                                    <\/div>\n                    <\/div>\n                <\/div>\n                <!--end card-->\n                <\/div><!-- col-12 .mt-3-->\n                            <div class=\"col-12 mt-3\">\n                <!--start card-->\n                <div class=\"card-wrapper card-space\">\n                    <div class=\"card card-bg card-big border-bottom-card\">\n                        <div class=\"card-body row\">\n                                                    <div class=\"col-sm-3\">\n                                <div class=\"img-responsive\">\n                                    <figure class=\"img-wrapper\">\n                                        <a href=\"https:\/\/iicmessico.esteri.it\/it\/gli_eventi\/calendario\/hackout-sofia-escamilla-yuko-cornale-in-concerto\/\" title=\"Leggi l'articolo: HackOut! + Sof\u00eda Escamilla + Yuko Cornale in concerto\">\n                                                                                            <img loading=\"lazy\" decoding=\"async\" width=\"300\" height=\"169\" src=\"https:\/\/iicmessico.esteri.it\/wp-content\/uploads\/2026\/04\/INVITO-19-APRILE-03-300x169.png\" srcset=\"https:\/\/iicmessico.esteri.it\/wp-content\/uploads\/2026\/04\/INVITO-19-APRILE-03.png 1920w, https:\/\/iicmessico.esteri.it\/wp-content\/uploads\/2026\/04\/INVITO-19-APRILE-03-300x169.png 300w, https:\/\/iicmessico.esteri.it\/wp-content\/uploads\/2026\/04\/INVITO-19-APRILE-03-1024x576.png 1024w, https:\/\/iicmessico.esteri.it\/wp-content\/uploads\/2026\/04\/INVITO-19-APRILE-03-768x432.png 768w\" sizes=\"auto, (max-width: 1920px) 100vw, 1920px\"  title=\"INVITO-19-APRILE-03\" alt=\"\" class=\"img-fluid\">\n                                                                                    <\/a>\n                                    <\/figure>\n                                <\/div>\n                            <\/div>\n                            <div class=\"col-sm-9\">\n                                                            <div class=\"category-top\">\n                                    <span class=\"fw-bold text-danger\">Concluso<\/span>                                                                        <span class=\"data\">\n                                        <svg class=\"icon icon-secondary\">\n                                            <use xlink:href=\"https:\/\/iicmessico.esteri.it\/wp-content\/themes\/sedi-tema\/assets\/svg\/sprites.svg#it-calendar\"><\/use>\n                                        <\/svg> Dom 19 Apr 2026                                    <\/span>\n                                                                    <\/div>\n                            <h5 class=\"card-title big-heading text-uppercase\"><a class=\"text-body text-decoration-none\" href=\"https:\/\/iicmessico.esteri.it\/it\/gli_eventi\/calendario\/hackout-sofia-escamilla-yuko-cornale-in-concerto\/\" title=\"HackOut! + Sof\u00eda Escamilla + Yuko Cornale in concerto\">HackOut! + Sof\u00eda Escamilla + Yuko Cornale in concerto<\/a><\/h5>\n                            <p class=\"card-text\">L\u2019Istituto Italiano di Cultura ospita nel proprio auditorio una seconda tappa del progetto musicale che vede protagonisti HackOut!, Sof\u00eda Escamilla e Yuko Cornale, offrendo al pubblico un\u2019occasione ravvicinata di ascolto e condivisione artistica. Dopo il concerto al Centro Nacional de las Artes, questa performance propone un contesto pi\u00f9 intimo, in cui il dialogo tra i [&hellip;]<\/p>\n                                <a title=\"HackOut! + Sof\u00eda Escamilla + Yuko Cornale in concerto\" class=\"read-more\" href=\"https:\/\/iicmessico.esteri.it\/it\/gli_eventi\/calendario\/hackout-sofia-escamilla-yuko-cornale-in-concerto\/\">\n                                    <span class=\"text\">Leggi di pi\u00f9<\/span>\n                                    <svg class=\"icon\">\n                                    <use xlink:href=\"https:\/\/iicmessico.esteri.it\/wp-content\/themes\/sedi-tema\/assets\/svg\/sprites.svg#it-arrow-right\"><\/use>\n                                    <\/svg>\n                                <\/a>\n                                                        <\/div>\n                                                    <\/div>\n                    <\/div>\n                <\/div>\n                <!--end card-->\n                <\/div><!-- col-12 .mt-3-->\n                            <div class=\"col-12 mt-3\">\n                <!--start card-->\n                <div class=\"card-wrapper card-space\">\n                    <div class=\"card card-bg card-big border-bottom-card\">\n                        <div class=\"card-body row\">\n                                                    <div class=\"col-sm-3\">\n                                <div class=\"img-responsive\">\n                                    <figure class=\"img-wrapper\">\n                                        <a href=\"https:\/\/iicmessico.esteri.it\/it\/gli_eventi\/calendario\/territorios-resonantes-4\/\" title=\"Leggi l'articolo: Territorios Resonantes #4\">\n                                                                                            <img loading=\"lazy\" decoding=\"async\" width=\"300\" height=\"111\" src=\"https:\/\/iicmessico.esteri.it\/wp-content\/uploads\/2026\/04\/triitorios-300x111.png\" srcset=\"https:\/\/iicmessico.esteri.it\/wp-content\/uploads\/2026\/04\/triitorios.png 851w, https:\/\/iicmessico.esteri.it\/wp-content\/uploads\/2026\/04\/triitorios-300x111.png 300w, https:\/\/iicmessico.esteri.it\/wp-content\/uploads\/2026\/04\/triitorios-768x284.png 768w\" sizes=\"auto, (max-width: 851px) 100vw, 851px\"  title=\"triitorios\" alt=\"\" class=\"img-fluid\">\n                                                                                    <\/a>\n                                    <\/figure>\n                                <\/div>\n                            <\/div>\n                            <div class=\"col-sm-9\">\n                                                            <div class=\"category-top\">\n                                    <span class=\"fw-bold text-danger\">Concluso<\/span>                                                                        <span class=\"data\">\n                                        <svg class=\"icon icon-secondary\">\n                                            <use xlink:href=\"https:\/\/iicmessico.esteri.it\/wp-content\/themes\/sedi-tema\/assets\/svg\/sprites.svg#it-calendar\"><\/use>\n                                        <\/svg> Ven 17 Apr 2026                                    <\/span>\n                                                                    <\/div>\n                            <h5 class=\"card-title big-heading text-uppercase\"><a class=\"text-body text-decoration-none\" href=\"https:\/\/iicmessico.esteri.it\/it\/gli_eventi\/calendario\/territorios-resonantes-4\/\" title=\"Territorios Resonantes #4\">Territorios Resonantes #4<\/a><\/h5>\n                            <p class=\"card-text\">Stefano Pilia + Gudinni Cortina + Valeria Vicente Venerd\u00ec 17 aprile, ore 19:00 Prosegue il ciclo Territorios Resonantes, dedicato alle pratiche sonore sperimentali e all\u2019improvvisazione, con il suo quarto appuntamento. Ospite di questa serata \u00e8 Stefano Pilia, chitarrista, compositore e produttore tra le figure pi\u00f9 rilevanti della scena elettroacustica e avant-rock europea. La sua ricerca [&hellip;]<\/p>\n                                <a title=\"Territorios Resonantes #4\" class=\"read-more\" href=\"https:\/\/iicmessico.esteri.it\/it\/gli_eventi\/calendario\/territorios-resonantes-4\/\">\n                                    <span class=\"text\">Leggi di pi\u00f9<\/span>\n                                    <svg class=\"icon\">\n                                    <use xlink:href=\"https:\/\/iicmessico.esteri.it\/wp-content\/themes\/sedi-tema\/assets\/svg\/sprites.svg#it-arrow-right\"><\/use>\n                                    <\/svg>\n                                <\/a>\n                                                        <\/div>\n                                                    <\/div>\n                    <\/div>\n                <\/div>\n                <!--end card-->\n                <\/div><!-- col-12 .mt-3-->\n                            <div class=\"col-12 mt-3\">\n                <!--start card-->\n                <div class=\"card-wrapper card-space\">\n                    <div class=\"card card-bg card-big border-bottom-card\">\n                        <div class=\"card-body row\">\n                                                    <div class=\"col-sm-3\">\n                                <div class=\"img-responsive\">\n                                    <figure class=\"img-wrapper\">\n                                        <a href=\"https:\/\/iicmessico.esteri.it\/it\/gli_eventi\/calendario\/hack-out-centro-nacional-de-las-artes\/\" title=\"Leggi l'articolo: Hack Out! Centro Nacional de las Artes\">\n                                                                                            <img loading=\"lazy\" decoding=\"async\" width=\"300\" height=\"169\" src=\"https:\/\/iicmessico.esteri.it\/wp-content\/uploads\/2026\/03\/invito16-aprile-300x169.png\" srcset=\"https:\/\/iicmessico.esteri.it\/wp-content\/uploads\/2026\/03\/invito16-aprile.png 1920w, https:\/\/iicmessico.esteri.it\/wp-content\/uploads\/2026\/03\/invito16-aprile-300x169.png 300w, https:\/\/iicmessico.esteri.it\/wp-content\/uploads\/2026\/03\/invito16-aprile-1024x576.png 1024w, https:\/\/iicmessico.esteri.it\/wp-content\/uploads\/2026\/03\/invito16-aprile-768x432.png 768w\" sizes=\"auto, (max-width: 1920px) 100vw, 1920px\"  title=\"invito16-aprile\" alt=\"\" class=\"img-fluid\">\n                                                                                    <\/a>\n                                    <\/figure>\n                                <\/div>\n                            <\/div>\n                            <div class=\"col-sm-9\">\n                                                            <div class=\"category-top\">\n                                    <span class=\"fw-bold text-danger\">Concluso<\/span>                                                                        <span class=\"data\">\n                                        <svg class=\"icon icon-secondary\">\n                                            <use xlink:href=\"https:\/\/iicmessico.esteri.it\/wp-content\/themes\/sedi-tema\/assets\/svg\/sprites.svg#it-calendar\"><\/use>\n                                        <\/svg> Gio 16 Apr 2026                                    <\/span>\n                                                                    <\/div>\n                            <h5 class=\"card-title big-heading text-uppercase\"><a class=\"text-body text-decoration-none\" href=\"https:\/\/iicmessico.esteri.it\/it\/gli_eventi\/calendario\/hack-out-centro-nacional-de-las-artes\/\" title=\"Hack Out! Centro Nacional de las Artes\">Hack Out! Centro Nacional de las Artes<\/a><\/h5>\n                            <p class=\"card-text\">Nell\u2019ambito del programma Iberm\u00fasicas 2026, l\u2019Istituto Italiano di Cultura di Citt\u00e0 del Messico presenta un progetto musicale internazionale che unisce Italia e Messico in un dialogo creativo contemporaneo. Il trio italiano HackOut!, insieme alle artiste Sof\u00eda Escamilla e Yuko Cornale, d\u00e0 vita a una collaborazione inedita che fonde jazz contemporaneo, improvvisazione libera e musica sperimentale. [&hellip;]<\/p>\n                                <a title=\"Hack Out! Centro Nacional de las Artes\" class=\"read-more\" href=\"https:\/\/iicmessico.esteri.it\/it\/gli_eventi\/calendario\/hack-out-centro-nacional-de-las-artes\/\">\n                                    <span class=\"text\">Leggi di pi\u00f9<\/span>\n                                    <svg class=\"icon\">\n                                    <use xlink:href=\"https:\/\/iicmessico.esteri.it\/wp-content\/themes\/sedi-tema\/assets\/svg\/sprites.svg#it-arrow-right\"><\/use>\n                                    <\/svg>\n                                <\/a>\n                                                        <\/div>\n                                                    <\/div>\n                    <\/div>\n                <\/div>\n                <!--end card-->\n                <\/div><!-- col-12 .mt-3-->\n            \n            <div class=\"col-md-12 mt-4 pb-4\">\n                <nav class=\"navigation col-md-12\" aria-label=\"Navigation\">\n                    <h2 class=\"screen-reader-text visually-hidden\">Paginazione<\/h2>\n                    <div class=\"nav-links\">\n                    <span aria-current=\"page\" class=\"page-numbers current\">1<\/span>\n<a class=\"page-numbers\" href=\"https:\/\/iicmessico.esteri.it\/it\/wp-json\/wp\/v2\/pages\/3515\/?pag=2\">2<\/a>\n<a class=\"page-numbers\" href=\"https:\/\/iicmessico.esteri.it\/it\/wp-json\/wp\/v2\/pages\/3515\/?pag=3\">3<\/a>\n<span class=\"page-numbers dots\">&hellip;<\/span>\n<a class=\"page-numbers\" href=\"https:\/\/iicmessico.esteri.it\/it\/wp-json\/wp\/v2\/pages\/3515\/?pag=106\">106<\/a>\n<a class=\"next page-numbers\" href=\"https:\/\/iicmessico.esteri.it\/it\/wp-json\/wp\/v2\/pages\/3515\/?pag=2\"><svg class=\"icon icon-primary\"><use xlink:href=\"https:\/\/iicmessico.esteri.it\/wp-content\/themes\/sedi-tema\/assets\/svg\/sprites.svg#it-chevron-right\"><\/use><\/svg>\n                                    <span class=\"visually-hidden\">Pagina successiva<\/span><\/a>                    <\/div>\n                <\/nav>\n            <\/div>   <!--.col-md-12 -->\n              <\/div><!--.row -->\n              \n<p>&nbsp;<\/p>\n","protected":false},"excerpt":{"rendered":"&nbsp;","protected":false},"author":1,"featured_media":0,"parent":24,"menu_order":0,"comment_status":"closed","ping_status":"closed","template":"","meta":{"footnotes":""},"class_list":["post-3515","page","type-page","status-publish","hentry"],"_links":{"self":[{"href":"https:\/\/iicmessico.esteri.it\/it\/wp-json\/wp\/v2\/pages\/3515","targetHints":{"allow":["GET"]}}],"collection":[{"href":"https:\/\/iicmessico.esteri.it\/it\/wp-json\/wp\/v2\/pages"}],"about":[{"href":"https:\/\/iicmessico.esteri.it\/it\/wp-json\/wp\/v2\/types\/page"}],"author":[{"embeddable":true,"href":"https:\/\/iicmessico.esteri.it\/it\/wp-json\/wp\/v2\/users\/1"}],"replies":[{"embeddable":true,"href":"https:\/\/iicmessico.esteri.it\/it\/wp-json\/wp\/v2\/comments?post=3515"}],"version-history":[{"count":1,"href":"https:\/\/iicmessico.esteri.it\/it\/wp-json\/wp\/v2\/pages\/3515\/revisions"}],"predecessor-version":[{"id":3519,"href":"https:\/\/iicmessico.esteri.it\/it\/wp-json\/wp\/v2\/pages\/3515\/revisions\/3519"}],"up":[{"embeddable":true,"href":"https:\/\/iicmessico.esteri.it\/it\/wp-json\/wp\/v2\/pages\/24"}],"wp:attachment":[{"href":"https:\/\/iicmessico.esteri.it\/it\/wp-json\/wp\/v2\/media?parent=3515"}],"curies":[{"name":"wp","href":"https:\/\/api.w.org\/{rel}","templated":true}]}}